{"id":58189,"date":"2025-04-01T12:55:14","date_gmt":"2025-04-01T10:55:14","guid":{"rendered":"https:\/\/sut.stefaniktrail.sk\/?page_id=58189"},"modified":"2026-04-27T21:33:20","modified_gmt":"2026-04-27T19:33:20","slug":"trasa-a-zaujimavosti","status":"publish","type":"page","link":"https:\/\/sut.stefaniktrail.sk\/at\/trasa-a-zaujimavosti\/","title":{"rendered":"Strecke und Sehenswertes"},"content":{"rendered":"<div class=\"wpb-content-wrapper\"><div class=\"vc_row wpb_row vc_row-fluid vc_custom_1743538024829 vc_row-o-equal-height vc_row-o-content-top vc_row-flex\"><div class=\"wpb_column vc_column_container vc_col-sm-12\"><div class=\"vc_column-inner vc_custom_1652953874875\"><div class=\"wpb_wrapper\"><div id=\"ultimate-heading-387969f277053d802\" class=\"uvc-heading ult-adjust-bottom-margin ultimate-heading-387969f277053d802 uvc-7238 accent-border-color color-title\" data-hspacer=\"no_spacer\"  data-halign=\"center\" style=\"text-align:center\"><div class=\"uvc-heading-spacer no_spacer\" style=\"top\"><\/div><div class=\"uvc-main-heading ult-responsive\"  data-ultimate-target='.uvc-heading.ultimate-heading-387969f277053d802 h2'  data-responsive-json-new='{\"font-size\":\"desktop:40px;\",\"line-height\":\"desktop:56px;\"}' ><h2 style=\"font-family:&#039;Unbounded&#039;;font-weight:700;margin-bottom:0px;\">Starke Geschichten entlang der Strecke<\/h2><\/div><div class=\"uvc-sub-heading ult-responsive\"  data-ultimate-target='.uvc-heading.ultimate-heading-387969f277053d802 .uvc-sub-heading '  data-responsive-json-new='{\"font-size\":\"desktop:20px;\",\"line-height\":\"desktop:24px;\"}'  style=\"font-family:&#039;Albert Sans&#039;;font-weight:500;\"><\/p>\n<p style=\"text-align: center;\">Wir haben Orte ausgew\u00e4hlt, die du lieben wirst und zu denen du zur\u00fcckkehren m\u00f6chtest.<\/p>\n<p><\/div><\/div>\n\t<div  class=\"wpb_single_image wpb_content_element vc_align_center\">\n\t\t\n\t\t<figure class=\"wpb_wrapper vc_figure\">\n\t\t\t<div class=\"vc_single_image-wrapper   vc_box_border_grey\"><img loading=\"lazy\" decoding=\"async\" width=\"800\" height=\"480\" src=\"https:\/\/sut.stefaniktrail.sk\/wp-content\/uploads\/2025\/04\/Property-1white.png\" class=\"vc_single_image-img attachment-full\" alt=\"\" title=\"Property-1white\" srcset=\"https:\/\/sut.stefaniktrail.sk\/wp-content\/uploads\/2025\/04\/Property-1white.png 800w, https:\/\/sut.stefaniktrail.sk\/wp-content\/uploads\/2025\/04\/Property-1white-300x180.png 300w, https:\/\/sut.stefaniktrail.sk\/wp-content\/uploads\/2025\/04\/Property-1white-768x461.png 768w, https:\/\/sut.stefaniktrail.sk\/wp-content\/uploads\/2025\/04\/Property-1white-18x12.png 18w\" sizes=\"auto, (max-width: 800px) 100vw, 800px\"  data-dt-location=\"https:\/\/sut.stefaniktrail.sk\/at\/home\/property-1white\/\" \/><\/div>\n\t\t<\/figure>\n\t<\/div>\n\n\t<div class=\"wpb_text_column wpb_content_element\" >\n\t\t<div class=\"wpb_wrapper\">\n\t\t\t<p style=\"font-family: Albert Sans; font-weight: 500; font-size: 20px; line-height: 120%; letter-spacing: 0%; text-align: center; text-decoration: underline; text-decoration-style: solid; text-decoration-offset: 0%; text-decoration-thickness: 0%; text-decoration-skip-ink: auto;\"><a href=\"https:\/\/mapy.com\/s\/hudujarute\" target=\"_blank\" rel=\"noopener\">Detaillierte Karte<\/a><\/p>\n\n\t\t<\/div>\n\t<\/div>\n<\/div><\/div><\/div><\/div><!-- Row Backgrounds --><div class=\"upb_color\" data-bg-override=\"ex-full\" data-bg-color=\"#FFFFFF\" data-fadeout=\"\" data-fadeout-percentage=\"30\" data-parallax-content=\"\" data-parallax-content-sense=\"30\" data-row-effect-mobile-disable=\"true\" data-img-parallax-mobile-disable=\"true\" data-rtl=\"false\"  data-custom-vc-row=\"\"  data-vc=\"8.3.1\"  data-is_old_vc=\"\"  data-theme-support=\"\"   data-overlay=\"false\" data-overlay-color=\"\" data-overlay-pattern=\"\" data-overlay-pattern-opacity=\"\" data-overlay-pattern-size=\"\"    ><\/div><div data-vc-full-width=\"true\" data-vc-full-width-init=\"false\" class=\"vc_row wpb_row vc_row-fluid flipbox-row vc_custom_1755113860978 vc_row-has-fill vc_row-o-equal-height vc_row-o-content-middle vc_row-flex\"><div class=\"wpb_column vc_column_container vc_col-sm-4 vc_col-lg-offset-0 vc_col-md-offset-0 vc_col-sm-offset-0 vc_col-has-fill\"><div class=\"vc_column-inner vc_custom_1743532494941\"><div class=\"wpb_wrapper\">\n\t<div class=\"wpb_raw_code wpb_raw_html wpb_content_element\" >\n\t\t<div class=\"wpb_wrapper\">\n\t\t\t<div class=\"flipbox flipbox-1\">\r\n  <div class=\"flipbox-inner\">\r\n    <!-- FRONT SIDE -->\r\n    <div class=\"flipbox-front\">\r\n      <div class=\"illustration\">\r\n        <img decoding=\"async\" src=\"https:\/\/sut.stefaniktrail.sk\/wp-content\/uploads\/2025\/04\/srdce-europy.svg\" alt=\"Srdce Eur\u00f3py Illustration\">\r\n        <div class=\"label\">1 km<\/div>\r\n      <\/div>\r\n      <div class=\"title-wrapper\">\r\n        <div class=\"title\">Herz Europas<\/div>\r\n      <\/div>\r\n      <div class=\"subtitle\">Symbol des Wandels vom totalit\u00e4ren Regime zur Freiheit.<\/div>\r\n      <div class=\"more-info\">Mehr Infos<\/div>\r\n    <\/div>\r\n\r\n    <!-- BACK SIDE -->\r\n    <div class=\"flipbox-back\">\r\n      <div class=\"back-inner\">\r\n        <div class=\"back-title-wrapper\">\r\n          <div class=\"back-title\">Herz Europas<\/div>\r\n        <\/div>\r\n        <div class=\"back-subtitle\">Das Herz von Dev\u00edn spricht von<br>der Sehnsucht nach Freiheit.<\/div>\r\n        <div class=\"back-description\">\r\n          Das Denkmal Herz Europas wurde urspr\u00fcnglich im Dezember 1989 auf der \u00f6sterreichischen Seite der Donau installiert. Nach dem Hochwasser im Jahr 2002 ging das urspr\u00fcngliche Herz verloren. Zwanzig Jahre sp\u00e4ter wurde seine vergr\u00f6\u00dferte Replik auf einem Betonpfeiler an der Slawischen Uferpromenade unterhalb der Burg Dev\u00edn aufgestellt. Es wurde zu einem Symbol des vereinten Europas und einer Erinnerung an die Geschichte des geteilten Kontinents. Der Autor des Werkes ist der slowakische K\u00fcnstler Daniel Brunovsk\u00fd. Das Denkmal aus Stacheldraht in Herzform verweist auf die Sehnsucht nach Freiheit, Vers\u00f6hnung und der \u00dcberwindung der Barrieren, die Europa w\u00e4hrend des Kalten Krieges trennten.\r\n        <\/div>\r\n      <\/div>\r\n    <\/div>\r\n  <\/div>\r\n<\/div>\r\n\r\n<style>\r\n\/* Color styles only *\/\r\n.flipbox-1 .flipbox-front,\r\n.flipbox-1 .flipbox-back {\r\n  background: rgba(248, 243, 234, 0.7);\r\n  backface-visibility: hidden;\r\n  -webkit-backface-visibility: hidden;\r\n  transform-style: preserve-3d;\r\n  position: absolute;\r\n  top: 0;\r\n  left: 0;\r\n  width: 100%;\r\n  height: 100%;\r\n}\r\n\r\n.flipbox-1 .label {\r\n  color: #F2A66F;\r\n}\r\n\r\n.title {\r\n  color: #006697;\r\n}\r\n.flipbox-1 .title-wrapper {\r\n  border-bottom: 3px solid #FB9D80;\r\n}\r\n.flipbox-1 .back-title-wrapper {\r\n  border-bottom: 3px solid #FB9D80;\r\n}\r\n.flipbox-1 .subtitle {\r\n  color: #F2A66F;\r\n}\r\n.flipbox-1 .more-info {\r\n  color: #F2A66F;\r\n}\r\n.flipbox-1 .back-title {\r\n  color: #006697;\r\n}\r\n.flipbox-1 .back-subtitle {\r\n  color: #F2A66F;\r\n  mix-blend-mode: multiply;\r\n}\r\n.flipbox-1 .back-description {\r\n  color: #006697;\r\n}\r\n<\/style>\r\n\n\t\t<\/div>\n\t<\/div>\n<\/div><\/div><\/div><div class=\"wpb_column vc_column_container vc_col-sm-4 vc_col-lg-offset-0 vc_col-md-offset-0 vc_col-sm-offset-0 vc_col-has-fill\"><div class=\"vc_column-inner vc_custom_1743529093375\"><div class=\"wpb_wrapper\">\n\t<div class=\"wpb_raw_code wpb_raw_html wpb_content_element\" >\n\t\t<div class=\"wpb_wrapper\">\n\t\t\t<div class=\"flipbox flipbox-2\">\r\n  <div class=\"flipbox-inner\">\r\n    <!-- FRONT SIDE -->\r\n    <div class=\"flipbox-front\">\r\n      <div class=\"illustration\">\r\n        <img decoding=\"async\" src=\"https:\/\/sut.stefaniktrail.sk\/wp-content\/uploads\/2025\/04\/hrad-devin.svg\" alt=\"Burg Dev\u00edn\">\r\n        <div class=\"label\">1,2 km<\/div>\r\n      <\/div>\r\n      <div class=\"title-wrapper\">\r\n        <div class=\"title\">Burg Dev\u00edn<\/div>\r\n      <\/div>\r\n      <div class=\"subtitle\">Der Ort, wo sich Geschichte <br>und Donau treffen.<\/div>\r\n      <div class=\"more-info\">Mehr Infos<\/div>\r\n    <\/div>\r\n\r\n    <!-- BACK SIDE -->\r\n    <div class=\"flipbox-back\">\r\n      <div class=\"back-inner\">\r\n        <div class=\"back-title-wrapper\">\r\n          <div class=\"back-title\">Burg Dev\u00edn<\/div>\r\n        <\/div>\r\n        <div class=\"back-subtitle\">Der Ort, wo sich Geschichte <br>und Donau treffen.<\/div>\r\n        <div class=\"back-description\">\r\n          Die Burg Dev\u00edn, die sich \u00fcber dem Zusammenfluss von Donau und March erhebt, geh\u00f6rt zu den \u00e4ltesten historischen Denkm\u00e4lern der Slowakei, mit der ersten schriftlichen Erw\u00e4hnung aus dem Jahr 864. Ihre strategische Lage machte sie bereits in der Zeit Gro\u00dfm\u00e4hrens zu einer bedeutenden Festung, die als eines der Machtzentren diente. Im Laufe der Jahrhunderte geh\u00f6rte sie verschiedenen Herrschern, darunter ungarischen K\u00f6nigen und Adelsfamilien, die sie nach und nach umbauten. Im Jahr 1809 wurde sie von napoleonischen Truppen zerst\u00f6rt, ihre Ruinen erinnern noch heute an ihre reiche Geschichte. Dev\u00edn ist ein Symbol slawischer Identit\u00e4t und Nationalbewusstseins.\r\n        <\/div>\r\n      <\/div>\r\n    <\/div>\r\n  <\/div>\r\n<\/div>\r\n\r\n<style>\r\n\/* Color styles only *\/\r\n.flipbox-2 .flipbox-front,\r\n.flipbox-2 .flipbox-back {\r\n  background: rgba(248, 243, 234, 0.7);\r\n  backface-visibility: hidden;\r\n  -webkit-backface-visibility: hidden;\r\n  transform-style: preserve-3d;\r\n  position: absolute;\r\n  top: 0;\r\n  left: 0;\r\n  width: 100%;\r\n  height: 100%;\r\n}\r\n\r\n.flipbox-2 .label {\r\n  color: #7EB3DE;\r\n}\r\n.flipbox-2 .title {\r\n  color: #006697;\r\n}\r\n.flipbox-2 .title-wrapper {\r\n  border-bottom: 3px solid #7EB3DE;\r\n}\r\n.flipbox-2 .back-title-wrapper {\r\n  border-bottom: 3px solid #7EB3DE;\r\n}\r\n.flipbox-2 .subtitle {\r\n  color: #7EB3DE;\r\n}\r\n.flipbox-2 .more-info {\r\n  color: #7EB3DE;\r\n}\r\n.flipbox-2 .back-title {\r\n  color: #006697;\r\n}\r\n.flipbox-2 .back-subtitle {\r\n  color: #7EB3DE;\r\n  mix-blend-mode: multiply;\r\n}\r\n.flipbox-2 .back-description {\r\n  color: #006697;\r\n}\r\n<\/style>\n\t\t<\/div>\n\t<\/div>\n<\/div><\/div><\/div><div class=\"wpb_column vc_column_container vc_col-sm-4 vc_col-lg-offset-0 vc_col-md-offset-0 vc_col-sm-offset-0 vc_col-has-fill\"><div class=\"vc_column-inner vc_custom_1743529064372\"><div class=\"wpb_wrapper\">\n\t<div class=\"wpb_raw_code wpb_raw_html wpb_content_element\" >\n\t\t<div class=\"wpb_wrapper\">\n\t\t\t<div class=\"flipbox flipbox-3\">\r\n  <div class=\"flipbox-inner\">\r\n    <!-- FRONT SIDE -->\r\n    <div class=\"flipbox-front\">\r\n      <div class=\"illustration\">\r\n        <img decoding=\"async\" src=\"https:\/\/sut.stefaniktrail.sk\/wp-content\/uploads\/2025\/04\/sandberg.svg\" alt=\"Sandberg\">\r\n        <div class=\"label\">5,5 km<\/div>\r\n      <\/div>\r\n      <div class=\"title-wrapper\">\r\n        <div class=\"title\">Sandberg<\/div>\r\n      <\/div>\r\n      <div class=\"subtitle\">Meeresfossilien und Ausblicke \u2013 ein Naturschatz bei Dev\u00edn.<\/div>\r\n      <div class=\"more-info\">Mehr Infos<\/div>\r\n    <\/div>\r\n\r\n    <!-- BACK SIDE -->\r\n    <div class=\"flipbox-back\">\r\n      <div class=\"back-inner\">\r\n        <div class=\"back-title-wrapper\">\r\n          <div class=\"back-title\">Sandberg<\/div>\r\n        <\/div>\r\n        <div class=\"back-subtitle\">Meeresfossilien und Ausblicke \u2013 ein Naturschatz bei Dev\u00edn.<\/div>\r\n        <div class=\"back-description\">\r\n          Der Sandberg, in der N\u00e4he von Dev\u00edn gelegen, ist eine der bedeutendsten pal\u00e4ontologischen Fundst\u00e4tten in der Slowakei. Dieser einzigartige Ausl\u00e4ufer bietet faszinierende Einblicke in die geologische Geschichte der Region und eine Vielzahl von Fossilien von Meerestieren, die hier vor 15 Millionen Jahren lebten. Neben den pal\u00e4ontologischen Funden ist Sandberg auch ein wundersch\u00f6ner Ort zum Wandern mit einem Panoramablick auf die Umgebung, einschlie\u00dflich des Zusammenflusses der Fl\u00fcsse Donau und March. F\u00fcr Natur- und Geschichtsliebhaber ist diese Naturpracht ein unvergessliches Erlebnis.\r\n        <\/div>\r\n      <\/div>\r\n    <\/div>\r\n  <\/div>\r\n<\/div>\r\n\r\n<style>\r\n\/* Color styles only *\/\r\n.flipbox-3 .flipbox-front,\r\n.flipbox-3 .flipbox-back {\r\n  background: rgba(248, 243, 234, 0.7);\r\n  backface-visibility: hidden;\r\n  -webkit-backface-visibility: hidden;\r\n  transform-style: preserve-3d;\r\n  position: absolute;\r\n  top: 0;\r\n  left: 0;\r\n  width: 100%;\r\n  height: 100%;\r\n}\r\n\r\n.flipbox-3 .label {\r\n  color: #78B2AC;\r\n}\r\n.flipbox-3 .title {\r\n  color: #006697;\r\n}\r\n.flipbox-3 .title-wrapper {\r\n  border-bottom: 3px solid #78B2AC;\r\n}\r\n.flipbox-3 .back-title-wrapper {\r\n  border-bottom: 3px solid #78B2AC;\r\n}\r\n.flipbox-3 .subtitle {\r\n  color: #78B2AC;\r\n}\r\n.flipbox-3 .more-info {\r\n  color: #78B2AC;\r\n}\r\n.flipbox-3 .back-title {\r\n  color: #006697;\r\n}\r\n.flipbox-3 .back-subtitle {\r\n  color: #78B2AC;\r\n  mix-blend-mode: multiply;\r\n}\r\n.flipbox-3 .back-description {\r\n  color: #006697;\r\n}\r\n<\/style>\n\t\t<\/div>\n\t<\/div>\n<\/div><\/div><\/div><\/div><div class=\"vc_row-full-width vc_clearfix\"><\/div><div data-vc-full-width=\"true\" data-vc-full-width-init=\"false\" class=\"vc_row wpb_row vc_row-fluid flipbox-row vc_custom_1755113925070 vc_row-has-fill vc_row-o-equal-height vc_row-o-content-middle vc_row-flex\"><div class=\"wpb_column vc_column_container vc_col-sm-4 vc_col-lg-offset-0 vc_col-md-offset-0 vc_col-sm-offset-0 vc_col-has-fill\"><div class=\"vc_column-inner vc_custom_1743532494941\"><div class=\"wpb_wrapper\">\n\t<div class=\"wpb_raw_code wpb_raw_html wpb_content_element\" >\n\t\t<div class=\"wpb_wrapper\">\n\t\t\t<div class=\"flipbox flipbox-4\">\r\n  <div class=\"flipbox-inner\">\r\n    <!-- FRONT SIDE -->\r\n    <div class=\"flipbox-front\">\r\n      <div class=\"illustration\">\r\n        <img decoding=\"async\" src=\"https:\/\/sut.stefaniktrail.sk\/wp-content\/uploads\/2025\/04\/devinska-kobyla.svg\" alt=\"Dev\u00ednska Kobyla\">\r\n        <div class=\"label\">9 km<\/div>\r\n      <\/div>\r\n      <div class=\"title-wrapper\">\r\n        <div class=\"title\">Dev\u00ednska Kobyla<\/div>\r\n      <\/div>\r\n      <div class=\"subtitle\">Ein historisch-strategischer Ort zur Verteidigung von Bratislava<\/div>\r\n      <div class=\"more-info\">Mehr Infos<\/div>\r\n    <\/div>\r\n\r\n    <!-- BACK SIDE -->\r\n    <div class=\"flipbox-back\">\r\n      <div class=\"back-inner\">\r\n        <div class=\"back-title-wrapper\">\r\n          <div class=\"back-title\">Dev\u00ednska Kobyla<\/div>\r\n        <\/div>\r\n        <div class=\"back-subtitle\">Ein historisch-strategischer Ort zur Verteidigung von Bratislava<\/div>\r\n        <div class=\"back-description\">\r\n          Der Aussichtsturm Dev\u00ednska Kobyla, mit einer Seeh\u00f6he von 514 Metern und einer H\u00f6he von 20 Metern, bietet einen einzigartigen Blick auf Bratislava, \u00d6sterreich, die Alpen, die Kleinen Karpaten, das Waagtal und den Zusammenfluss der Donau und der March. Neben der sch\u00f6nen Natur ist Dev\u00ednska Kobyla auch f\u00fcr ihre milit\u00e4rische Geschichte bekannt. In den 50er und 60er Jahren des 20. Jahrhunderts befand sich an ihren H\u00e4ngen eine Raketenbasis, die zum Schutzsystem der ehemaligen Tschechoslowakei geh\u00f6rte. Vom Aussichtsturm kann man weit entfernte Orte sehen, was ihn ideal zum Wandern oder Bewundern der Umgebung macht.\r\n        <\/div>\r\n      <\/div>\r\n    <\/div>\r\n  <\/div>\r\n<\/div>\r\n\r\n<style>\r\n\/* Color styles only *\/\r\n.flipbox-4 .flipbox-front,\r\n.flipbox-4 .flipbox-back {\r\n  background: rgba(248, 243, 234, 0.7);\r\n  backface-visibility: hidden;\r\n  -webkit-backface-visibility: hidden;\r\n  transform-style: preserve-3d;\r\n  position: absolute;\r\n  top: 0;\r\n  left: 0;\r\n  width: 100%;\r\n  height: 100%;\r\n}\r\n\r\n.flipbox-4 .label {\r\n  color: #968ABE;\r\n}\r\n\r\n.title {\r\n  color: #006697;\r\n}\r\n.flipbox-4 .title-wrapper {\r\n  border-bottom: 3px solid #968ABE;\r\n}  \r\n.flipbox-4 .back-title-wrapper {\r\n  border-bottom: 3px solid #968ABE;\r\n}\r\n.flipbox-4 .subtitle {\r\n  color: #968ABE;\r\n}\r\n.flipbox-4 .more-info {\r\n  color: #968ABE;\r\n}\r\n.flipbox-4 .back-title {\r\n  color: #006697;\r\n}\r\n.flipbox-4 .back-subtitle {\r\n  color: #968ABE;\r\n  mix-blend-mode: multiply;\r\n}\r\n.flipbox-4 .back-description {\r\n  color: #006697;\r\n}\r\n<\/style>\n\t\t<\/div>\n\t<\/div>\n<\/div><\/div><\/div><div class=\"wpb_column vc_column_container vc_col-sm-4 vc_col-lg-offset-0 vc_col-md-offset-0 vc_col-sm-offset-0 vc_col-has-fill\"><div class=\"vc_column-inner vc_custom_1743529093375\"><div class=\"wpb_wrapper\">\n\t<div class=\"wpb_raw_code wpb_raw_html wpb_content_element\" >\n\t\t<div class=\"wpb_wrapper\">\n\t\t\t<div class=\"flipbox flipbox-5\">\r\n  <div class=\"flipbox-inner\">\r\n    <!-- FRONT SIDE -->\r\n    <div class=\"flipbox-front\">\r\n      <div class=\"illustration\">\r\n        <img decoding=\"async\" src=\"https:\/\/sut.stefaniktrail.sk\/wp-content\/uploads\/2025\/04\/biele-skaly.svg\" alt=\"Wei\u00dfe Felsen\">\r\n        <div class=\"label\">10,5 km<\/div>\r\n      <\/div>\r\n      <div class=\"title-wrapper\">\r\n        <div class=\"title\">Wei\u00dfe Felsen<\/div>\r\n      <\/div>\r\n      <div class=\"subtitle\">Ein nat\u00fcrliches Amphitheater mit einem Hauch von Mystik.<\/div>\r\n      <div class=\"more-info\">Mehr Infos<\/div>\r\n    <\/div>\r\n\r\n    <!-- BACK SIDE -->\r\n    <div class=\"flipbox-back\">\r\n      <div class=\"back-inner\">\r\n        <div class=\"back-title-wrapper\">\r\n          <div class=\"back-title\">Wei\u00dfe Felsen<\/div>\r\n        <\/div>\r\n        <div class=\"back-subtitle\">Ein nat\u00fcrliches Amphitheater mit einem Hauch von Mystik.<\/div>\r\n        <div class=\"back-description\">\r\n          Die magischen Wei\u00dfen Felsen bei Dev\u00ednska Kobyla sind ein Tramp-Ort mit einem nat\u00fcrlichen Amphitheater. Neben den indianischen Totems, die in den 90er Jahren als Teil eines Kulturprojekts aufgestellt wurden, ist dieser Ort auch f\u00fcr Tramp-Aktivit\u00e4ten bekannt. Die Totems, inspiriert von den urspr\u00fcnglichen amerikanischen Kulturen, verleihen der Atmosph\u00e4re einen mystischen Hauch. Diese Ecke der Natur ist ein idealer Ort f\u00fcr Spazierg\u00e4nge, Entspannung und das Kennenlernen kultureller und nat\u00fcrlicher Sehensw\u00fcrdigkeiten.\r\n        <\/div>\r\n      <\/div>\r\n    <\/div>\r\n  <\/div>\r\n<\/div>\r\n\r\n<style>\r\n\/* Color styles only *\/\r\n.flipbox-5 .flipbox-front,\r\n.flipbox-5 .flipbox-back {\r\n  background: rgba(248, 243, 234, 0.7);\r\n  backface-visibility: hidden;\r\n  -webkit-backface-visibility: hidden;\r\n  transform-style: preserve-3d;\r\n  position: absolute;\r\n  top: 0;\r\n  left: 0;\r\n  width: 100%;\r\n  height: 100%;\r\n}\r\n\r\n.flipbox-5 .label {\r\n  color: #71C2D6;\r\n}\r\n.flipbox-5 .title {\r\n  color: #006697;\r\n}\r\n.flipbox-5 .title-wrapper {\r\n  border-bottom: 3px solid #71C2D6;\r\n}\r\n.flipbox-5 .back-title-wrapper {\r\n  border-bottom: 3px solid #98D6E5;\r\n}\r\n.flipbox-5 .subtitle {\r\n  color: #71C2D6;\r\n}\r\n.flipbox-5 .more-info {\r\n  color: #71C2D6;\r\n}\r\n.flipbox-5 .back-title {\r\n  color: #006697;\r\n}\r\n.flipbox-5 .back-subtitle {\r\n  color: #71C2D6;\r\n  mix-blend-mode: multiply;\r\n}\r\n.flipbox-5 .back-description {\r\n  color: #006697;\r\n}\r\n<\/style>\n\t\t<\/div>\n\t<\/div>\n<\/div><\/div><\/div><div class=\"wpb_column vc_column_container vc_col-sm-4 vc_col-lg-offset-0 vc_col-md-offset-0 vc_col-sm-offset-0 vc_col-has-fill\"><div class=\"vc_column-inner vc_custom_1743529064372\"><div class=\"wpb_wrapper\">\n\t<div class=\"wpb_raw_code wpb_raw_html wpb_content_element\" >\n\t\t<div class=\"wpb_wrapper\">\n\t\t\t<div class=\"flipbox flipbox-6\">\r\n  <div class=\"flipbox-inner\">\r\n    <!-- FRONT SIDE -->\r\n    <div class=\"flipbox-front\">\r\n      <div class=\"illustration\">\r\n        <img decoding=\"async\" src=\"https:\/\/sut.stefaniktrail.sk\/wp-content\/uploads\/2025\/04\/pamatnik-snp.svg\" alt=\"SNP-Denkmal\">\r\n        <div class=\"label\">23,4 km<\/div>\r\n      <\/div>\r\n      <div class=\"title-wrapper\">\r\n        <div class=\"title\">SNP-Denkmal<\/div>\r\n      <\/div>\r\n      <div class=\"subtitle\">Der SNP-Park verbindet Erholung, Geschichte und die Energie vom Rennen.<\/div>\r\n      <div class=\"more-info\">Mehr Infos<\/div>\r\n    <\/div>\r\n\r\n    <!-- BACK SIDE -->\r\n    <div class=\"flipbox-back\">\r\n      <div class=\"back-inner\">\r\n        <div class=\"back-title-wrapper\">\r\n          <div class=\"back-title\">SNP-Denkmal<\/div>\r\n        <\/div>\r\n        <div class=\"back-subtitle\">Der SNP-Park verbindet Erholung, Geschichte und die Energie vom Rennen.<\/div>\r\n        <div class=\"back-description\">\r\n          Der SNP-Park im Bratislavaer Stadtteil Karlova Ves ist ein angenehmer Ort zur Erholung und Freizeitgestaltung. Am 26. Kilometer der Strecke befindet sich hier die zweite Erfrischungsstation und die zweite Wechselstation f\u00fcr Vierer-Staffeln bzw. die einzige Wechselstation f\u00fcr Zweier-Staffeln. Der Ort wird auch als Ziel f\u00fcr die Disziplin Nordic Walking 25 dienen. Im Park befindet sich auch das Denkmal des Slowakischen Nationalaufstandes, das an die heldenhaften Taten w\u00e4hrend des Zweiten Weltkriegs erinnert. Der Park ist ein beliebter Ort f\u00fcr die Organisation verschiedener Veranstaltungen, beispielsweise des St.-Michael-Festes von Karlova Ves, der Maifeierlichkeiten sowie verschiedener Sport- und Kulturveranstaltungen.\r\n        <\/div>\r\n      <\/div>\r\n    <\/div>\r\n  <\/div>\r\n<\/div>\r\n\r\n<style>\r\n\/* Color styles only *\/\r\n.flipbox-6 .flipbox-front,\r\n.flipbox-6 .flipbox-back {\r\n  background: rgba(248, 243, 234, 0.7);\r\n  backface-visibility: hidden;\r\n  -webkit-backface-visibility: hidden;\r\n  transform-style: preserve-3d;\r\n  position: absolute;\r\n  top: 0;\r\n  left: 0;\r\n  width: 100%;\r\n  height: 100%;\r\n}\r\n\r\n.flipbox-6 .label {\r\n  color: #F29DA6;\r\n}\r\n.flipbox-6 .title {\r\n  color: #006697;\r\n}\r\n.flipbox-6 .title-wrapper {\r\n  border-bottom: 3px solid #F29DA6;\r\n}\r\n.flipbox-6 .back-title-wrapper {\r\n  border-bottom: 3px solid #F29DA6;\r\n}\r\n.flipbox-6 .subtitle {\r\n  color: #F29DA6;\r\n}\r\n.flipbox-6 .more-info {\r\n  color: #F29DA6;\r\n}\r\n.flipbox-6 .back-title {\r\n  color: #006697;\r\n}\r\n.flipbox-6 .back-subtitle {\r\n  color: #F29DA6;\r\n  mix-blend-mode: multiply;\r\n}\r\n.flipbox-6 .back-description {\r\n  color: #006697;\r\n}\r\n<\/style>\n\t\t<\/div>\n\t<\/div>\n<\/div><\/div><\/div><\/div><div class=\"vc_row-full-width vc_clearfix\"><\/div><div data-vc-full-width=\"true\" data-vc-full-width-init=\"false\" class=\"vc_row wpb_row vc_row-fluid flipbox-row vc_custom_1755113938533 vc_row-has-fill vc_row-o-equal-height vc_row-o-content-middle vc_row-flex\"><div class=\"wpb_column vc_column_container vc_col-sm-4 vc_col-lg-offset-0 vc_col-md-offset-0 vc_col-sm-offset-0 vc_col-has-fill\"><div class=\"vc_column-inner vc_custom_1743532494941\"><div class=\"wpb_wrapper\">\n\t<div class=\"wpb_raw_code wpb_raw_html wpb_content_element\" >\n\t\t<div class=\"wpb_wrapper\">\n\t\t\t<div class=\"flipbox flipbox-7\">\r\n  <div class=\"flipbox-inner\">\r\n    <!-- FRONT SIDE -->\r\n    <div class=\"flipbox-front\">\r\n      <div class=\"illustration\">\r\n        <img decoding=\"async\" src=\"https:\/\/sut.stefaniktrail.sk\/wp-content\/uploads\/2025\/04\/kacin.svg\" alt=\"Katschin\">\r\n        <div class=\"label\">32 km<\/div>\r\n      <\/div>\r\n      <div class=\"title-wrapper\">\r\n        <div class=\"title\">Katschin<\/div>\r\n      <\/div>\r\n      <div class=\"subtitle\">Ein beliebter Ort f\u00fcr L\u00e4ufer, Wanderer und Familien.<\/div>\r\n      <div class=\"more-info\">Mehr Infos<\/div>\r\n    <\/div>\r\n\r\n    <!-- BACK SIDE -->\r\n    <div class=\"flipbox-back\">\r\n      <div class=\"back-inner\">\r\n        <div class=\"back-title-wrapper\">\r\n          <div class=\"back-title\">Katschin<\/div>\r\n        <\/div>\r\n        <div class=\"back-subtitle\">Ein beliebter Ort f\u00fcr L\u00e4ufer, Wanderer und Familien.<\/div>\r\n        <div class=\"back-description\">\r\n          Ka\u010d\u00edn \u2013 der legend\u00e4re Ort der Bratislavaer W\u00e4lder ist ein beliebtes Ziel f\u00fcr Wanderer und L\u00e4ufer. Das Erholungsgebiet in den Kleinen Karpaten entstand in den 1970er Jahren und dient bis heute als Naturrefugium. Das Areal bietet Wiesen, Pavillons, Feuerstellen und einen Spielplatz. Historisch ist es mit Waldsiedlungen und Jagd verbunden. Zu den Legenden geh\u00f6rt das nicht mehr existierende Forsthaus. L\u00e4ufer und Wanderer nutzen oft die seitlichen Wanderwege parallel zur Asphaltstra\u00dfe, die ein authentisches Walderlebnis bieten. Ka\u010d\u00edn ist eine Kreuzung von Wanderrouten.\r\n        <\/div>\r\n      <\/div>\r\n    <\/div>\r\n  <\/div>\r\n<\/div>\r\n\r\n<style>\r\n\/* Color styles only *\/\r\n.flipbox-7 .flipbox-front,\r\n.flipbox-7 .flipbox-back {\r\n  background: rgba(248, 243, 234, 0.7);\r\n  backface-visibility: hidden;\r\n  -webkit-backface-visibility: hidden;\r\n  transform-style: preserve-3d;\r\n  position: absolute;\r\n  top: 0;\r\n  left: 0;\r\n  width: 100%;\r\n  height: 100%;\r\n}\r\n\r\n.flipbox-7 .label {\r\n  color: #F5BB56;\r\n}\r\n\r\n.title {\r\n  color: #006697;\r\n}\r\n.flipbox-7 .title-wrapper {\r\n  border-bottom: 3px solid #F5BB56;\r\n}  \r\n.flipbox-7 .back-title-wrapper {\r\n  border-bottom: 3px solid #F5BB56;\r\n}\r\n.flipbox-7 .subtitle {\r\n  color: #F5BB56;\r\n}\r\n.flipbox-7 .more-info {\r\n  color: #F5BB56;\r\n}\r\n.flipbox-7 .back-title {\r\n  color: #006697;\r\n}\r\n.flipbox-7 .back-subtitle {\r\n  color: #F5BB56;\r\n  mix-blend-mode: multiply;\r\n}\r\n.flipbox-7 .back-description {\r\n  color: #006697;\r\n}\r\n<\/style>\n\t\t<\/div>\n\t<\/div>\n<\/div><\/div><\/div><div class=\"wpb_column vc_column_container vc_col-sm-4 vc_col-lg-offset-0 vc_col-md-offset-0 vc_col-sm-offset-0 vc_col-has-fill\"><div class=\"vc_column-inner vc_custom_1743529093375\"><div class=\"wpb_wrapper\">\n\t<div class=\"wpb_raw_code wpb_raw_html wpb_content_element\" >\n\t\t<div class=\"wpb_wrapper\">\n\t\t\t<div class=\"flipbox flipbox-8\">\r\n  <div class=\"flipbox-inner\">\r\n    <!-- FRONT SIDE -->\r\n    <div class=\"flipbox-front\">\r\n      <div class=\"illustration\">\r\n        <img decoding=\"async\" src=\"https:\/\/sut.stefaniktrail.sk\/wp-content\/uploads\/2025\/04\/lanovka-kamzik.svg\" alt=\"Seilbahn auf den Kamz\u00edk\">\r\n        <div class=\"label\">37 km<\/div>\r\n      <\/div>\r\n      <div class=\"title-wrapper\">\r\n        <div class=\"title\">Seilbahn auf den Kamz\u00edk<\/div>\r\n      <\/div>\r\n      <div class=\"subtitle\">Die ikonische Seilbahn verbindet <br>die Stadt mit der Natur.<\/div>\r\n      <div class=\"more-info\">Mehr Infos<\/div>\r\n    <\/div>\r\n\r\n    <!-- BACK SIDE -->\r\n    <div class=\"flipbox-back\">\r\n      <div class=\"back-inner\">\r\n        <div class=\"back-title-wrapper\">\r\n          <div class=\"back-title\">Seilbahn auf den Kamz\u00edk<\/div>\r\n        <\/div>\r\n        <div class=\"back-subtitle\">Die ikonische Seilbahn verbindet <br>die Stadt mit der Natur.<\/div>\r\n        <div class=\"back-description\">\r\n          Der Sessellift \u017delezn\u00e1 Studienka \u2013 Koliba, er\u00f6ffnet im Jahr 1972 und renoviert im Jahr 2005, verbindet den Bratislavaer Waldpark mit der Lokalit\u00e4t Koliba\/Kamz\u00edk. Die L\u00e4nge der Seilbahn betr\u00e4gt fast 1 km, der H\u00f6henunterschied betr\u00e4gt 186 Meter mit einer durchschnittlichen Neigung von 10,9\u00b0. Die Seilbahn bietet eine Transportkapazit\u00e4t von 342 Personen pro Stunde und bietet einen sch\u00f6nen Ausblick auf die umliegende Natur. Sie ist ein beliebtes Verkehrsmittel auch unter Wanderern und Urlaubern in Bratislava.\r\n        <\/div>\r\n      <\/div>\r\n    <\/div>\r\n  <\/div>\r\n<\/div>\r\n\r\n<style>\r\n\/* Color styles only *\/\r\n.flipbox-8 .flipbox-front,\r\n.flipbox-8 .flipbox-back {\r\n  background: rgba(248, 243, 234, 0.7);\r\n  backface-visibility: hidden;\r\n  -webkit-backface-visibility: hidden;\r\n  transform-style: preserve-3d;\r\n  position: absolute;\r\n  top: 0;\r\n  left: 0;\r\n  width: 100%;\r\n  height: 100%;\r\n}\r\n\r\n.flipbox-8 .label {\r\n  color: #9BCC8E;\r\n}\r\n.flipbox-8 .title {\r\n  color: #006697;\r\n}\r\n.flipbox-8 .title-wrapper {\r\n  border-bottom: 3px solid #9BCC8E;\r\n}\r\n.flipbox-8 .back-title-wrapper {\r\n  border-bottom: 3px solid #9BCC8E;\r\n}\r\n.flipbox-8 .subtitle {\r\n  color: #9BCC8E;\r\n}\r\n.flipbox-8 .more-info {\r\n  color: #9BCC8E;\r\n}\r\n.flipbox-8 .back-title {\r\n  color: #006697;\r\n}\r\n.flipbox-8 .back-subtitle {\r\n  color: #9BCC8E;\r\n  mix-blend-mode: multiply;\r\n}\r\n.flipbox-8 .back-description {\r\n  color: #006697;\r\n}\r\n<\/style>\n\t\t<\/div>\n\t<\/div>\n<\/div><\/div><\/div><div class=\"wpb_column vc_column_container vc_col-sm-4 vc_col-lg-offset-0 vc_col-md-offset-0 vc_col-sm-offset-0 vc_col-has-fill\"><div class=\"vc_column-inner vc_custom_1743529064372\"><div class=\"wpb_wrapper\">\n\t<div class=\"wpb_raw_code wpb_raw_html wpb_content_element\" >\n\t\t<div class=\"wpb_wrapper\">\n\t\t\t<div class=\"flipbox flipbox-9\">\r\n  <div class=\"flipbox-inner\">\r\n    <!-- FRONT SIDE -->\r\n    <div class=\"flipbox-front\">\r\n      <div class=\"illustration\">\r\n        <img decoding=\"async\" src=\"https:\/\/sut.stefaniktrail.sk\/wp-content\/uploads\/2025\/04\/televizna-veza.svg\" alt=\"Fernsehturm Kamz\u00edk\">\r\n        <div class=\"label\">38 km<\/div>\r\n      <\/div>\r\n      <div class=\"title-wrapper\">\r\n        <div class=\"title\">Fernsehturm Kamz\u00edk<\/div>\r\n      <\/div>\r\n      <div class=\"subtitle\">Futuristischer Sender mit Aussicht bis zu den Alpen.<\/div>\r\n      <div class=\"more-info\">Mehr Infos<\/div>\r\n    <\/div>\r\n\r\n    <!-- BACK SIDE -->\r\n    <div class=\"flipbox-back\">\r\n      <div class=\"back-inner\">\r\n        <div class=\"back-title-wrapper\">\r\n  <div class=\"back-title\">Fernsehturm<\/div>\r\n<\/div>\r\n        <div class=\"back-subtitle\">Futuristischer Sender mit Aussicht bis zu den Alpen.<\/div>\r\n        <div class=\"back-description\">\r\n          Der Fernsehturm Kamz\u00edk, ein ikonisches Wahrzeichen von Bratislava, welches sich auf 635 Meter \u00fcber dem Meeresspiegel erhebt und eine H\u00f6he von 194 Metern erreicht. Er wurde 1975 erbaut und dient bis heute als bedeutender Sender f\u00fcr Fernseh- und Radiosignale. Neben seiner technischen Bedeutung bietet er den Besuchern einen Panoramablick auf Bratislava und die weite Umgebung bis zu den \u00f6sterreichischen Alpen. Der Turm ist einzigartig durch seine futuristische Architektur und das Restaurant mit einer drehbaren Plattform, das ein gro\u00dfartiges gastronomisches und visuelles Erlebnis bietet.\r\n        <\/div>\r\n      <\/div>\r\n    <\/div>\r\n  <\/div>\r\n<\/div>\r\n\r\n<style>\r\n\/* Color styles only *\/\r\n.flipbox-9 .flipbox-front,\r\n.flipbox-9 .flipbox-back {\r\n  background: rgba(248, 243, 234, 0.7);\r\n  backface-visibility: hidden;\r\n  -webkit-backface-visibility: hidden;\r\n  transform-style: preserve-3d;\r\n  position: absolute;\r\n  top: 0;\r\n  left: 0;\r\n  width: 100%;\r\n  height: 100%;\r\n}\r\n\r\n.flipbox-9 .label {\r\n  color: #EB896C;\r\n}\r\n.flipbox-9 .title {\r\n  color: #006697;\r\n}\r\n.flipbox-9 .title-wrapper {\r\n  border-bottom: 3px solid #EB896C;\r\n}\r\n.flipbox-9 .back-title-wrapper {\r\n  border-bottom: 3px solid #EB896C;\r\n}\r\n.flipbox-9 .subtitle {\r\n  color: #EB896C;\r\n}\r\n.flipbox-9 .more-info {\r\n  color: #EB896C;\r\n}\r\n.flipbox-9 .back-title {\r\n  color: #006697;\r\n}\r\n\r\n.flipbox-9 .subtitle {\r\n  color: #EB896C;\r\n}\r\n\r\n.flipbox-9 .more-info {\r\n  color: #EB896C;\r\n}\r\n\r\n.flipbox-9 .back-subtitle {\r\n  color: #EB896C;\r\n  mix-blend-mode: multiply;\r\n}\r\n.flipbox-9 .back-description {\r\n  color: #006697;\r\n}\r\n<\/style>\n\t\t<\/div>\n\t<\/div>\n<\/div><\/div><\/div><\/div><div class=\"vc_row-full-width vc_clearfix\"><\/div><div data-vc-full-width=\"true\" data-vc-full-width-init=\"false\" class=\"vc_row wpb_row vc_row-fluid flipbox-row vc_custom_1755113948771 vc_row-has-fill vc_row-o-equal-height vc_row-o-content-middle vc_row-flex\"><div class=\"wpb_column vc_column_container vc_col-sm-4 vc_col-lg-offset-0 vc_col-md-offset-0 vc_col-sm-offset-0 vc_col-has-fill\"><div class=\"vc_column-inner vc_custom_1743532494941\"><div class=\"wpb_wrapper\">\n\t<div class=\"wpb_raw_code wpb_raw_html wpb_content_element\" >\n\t\t<div class=\"wpb_wrapper\">\n\t\t\t<div class=\"flipbox flipbox-10\">\r\n  <div class=\"flipbox-inner\">\r\n    <!-- FRONT SIDE -->\r\n    <div class=\"flipbox-front\">\r\n      <div class=\"illustration\">\r\n        <img decoding=\"async\" src=\"https:\/\/sut.stefaniktrail.sk\/wp-content\/uploads\/2025\/04\/kalvaria.svg\" alt=\"Bratislavaer Kalvarienberg\">\r\n        <div class=\"label\">42,5 km<\/div>\r\n      <\/div>\r\n      <div class=\"title-wrapper\">\r\n        <div class=\"title\">Bratislavaer Kalvarienberg<\/div>\r\n      <\/div>\r\n      <div class=\"subtitle\">Ein stiller Ort mit einer Pilgervergangenheit und Aussicht.<\/div>\r\n      <div class=\"more-info\">Mehr Infos<\/div>\r\n    <\/div>\r\n\r\n    <!-- BACK SIDE -->\r\n    <div class=\"flipbox-back\">\r\n      <div class=\"back-inner\">\r\n        <div class=\"back-title-wrapper\">\r\n          <div class=\"back-title\">Bratislavaer Kalvarienberg<\/div>\r\n        <\/div>\r\n        <div class=\"back-subtitle\">Ein stiller Ort mit einer Pilgervergangenheit und Aussicht.<\/div>\r\n        <div class=\"back-description\">\r\n          Die Kalvarienberg in Bratislava in der N\u00e4he der Maria-Schnee-Kirche ist ein stiller spiritueller Ort mit reicher Geschichte. Sie entstand im 17. Jahrhundert als Teil der Befestigungen gegen die T\u00fcrken und wurde allm\u00e4hlich zu einem beliebten Wallfahrtsort. Einst bestand sie aus 14 Stationen des Kreuzweges, die zu einer Kapelle des Heiligen Kreuzes auf dem Gipfel f\u00fchrten. Heute bietet sie eine angenehme Umgebung f\u00fcr Meditation und Spazierg\u00e4nge in der N\u00e4he des Stadtparks. Der Ort atmet ein ruhiges Genius Loci und verbindet Geschichte, Spiritualit\u00e4t und wundersch\u00f6ne Ausblicke auf die Stadt.\r\n        <\/div>\r\n      <\/div>\r\n    <\/div>\r\n  <\/div>\r\n<\/div>\r\n\r\n<style>\r\n\/* Color styles only *\/\r\n.flipbox-10 .flipbox-front,\r\n.flipbox-10 .flipbox-back {\r\n  background: rgba(248, 243, 234, 0.7);\r\n  backface-visibility: hidden;\r\n  -webkit-backface-visibility: hidden;\r\n  transform-style: preserve-3d;\r\n  position: absolute;\r\n  top: 0;\r\n  left: 0;\r\n  width: 100%;\r\n  height: 100%;\r\n}\r\n\r\n.flipbox-10 .label {\r\n  color: #7EB3DE;\r\n}\r\n\r\n.title {\r\n  color: #006697;\r\n}\r\n.flipbox-10 .title-wrapper {\r\n  border-bottom: 3px solid #7EB3DE;\r\n}  \r\n\r\n\r\n.flipbox-10 .back-title-wrapper {\r\n  position: absolute;\r\n  top: 37px;\r\n  left: 35px;\r\n  width: 299px;\r\n  height: auto; \/* \u2190 allow height to grow naturally *\/\r\n  display: flex;\r\n  flex-direction: column; \/* \u2190 stack title above the line *\/\r\n  justify-content: flex-start;\r\n  align-items: flex-start;\r\n  box-sizing: border-box;\r\n  padding-bottom: 4px; \/* \u2190 spacing between text and underline *\/\r\n  border-bottom: 3px solid #7EB3DE;\r\n}\r\n\r\n.flipbox-10 .back-title {\r\n  font-size: 24px;\r\n  font-weight: 700;\r\n  font-family: 'Unbounded';\r\n  color: #006697;\r\n  line-height: 1.4;\r\n}\r\n\r\n.flipbox-10 .subtitle {\r\n  color: #7EB3DE;\r\n}\r\n.flipbox-10 .more-info {\r\n  color: #7EB3DE;\r\n}\r\n\r\n.flipbox-10 .back-subtitle {\r\n  color: #7EB3DE;\r\n  mix-blend-mode: multiply;\r\n}\r\n.flipbox-10 .back-description {\r\n  color: #006697;\r\n}\r\n<\/style>\n\t\t<\/div>\n\t<\/div>\n<\/div><\/div><\/div><div class=\"wpb_column vc_column_container vc_col-sm-4 vc_col-lg-offset-0 vc_col-md-offset-0 vc_col-sm-offset-0 vc_col-has-fill\"><div class=\"vc_column-inner vc_custom_1743529093375\"><div class=\"wpb_wrapper\">\n\t<div class=\"wpb_raw_code wpb_raw_html wpb_content_element\" >\n\t\t<div class=\"wpb_wrapper\">\n\t\t\t<div class=\"flipbox flipbox-11\">\r\n  <div class=\"flipbox-inner\">\r\n    <!-- FRONT SIDE -->\r\n    <div class=\"flipbox-front\">\r\n      <div class=\"illustration\">\r\n        <img decoding=\"async\" src=\"https:\/\/sut.stefaniktrail.sk\/wp-content\/uploads\/2025\/04\/pamatnik-vojakom.svg\" alt=\"Pam\u00e4tn\u00edk padl\u00fdm vojakom 1. svetovej vojny\">\r\n        <div class=\"label\">43,8 km<\/div>\r\n      <\/div>\r\n      <div class=\"title-wrapper\">\r\n        <div class=\"title\">Denkmal f\u00fcr Soldaten<\/div>\r\n      <\/div>\r\n      <div class=\"subtitle\">Denkmal f\u00fcr die gefallenen Soldaten im Ersten Weltkrieg.<\/div>\r\n      <div class=\"more-info\">Mehr Infos<\/div>\r\n    <\/div>\r\n\r\n    <!-- BACK SIDE -->\r\n    <div class=\"flipbox-back\">\r\n      <div class=\"back-inner\">\r\n        <div class=\"back-title-wrapper\">\r\n          <div class=\"back-title\">Denkmal f\u00fcr Soldaten<\/div>\r\n        <\/div>\r\n        <div class=\"back-subtitle\">Denkmal f\u00fcr die gefallenen Soldaten im Ersten Weltkrieg.<\/div>\r\n        <div class=\"back-description\">\r\n          Das Denkmal f\u00fcr die Opfer des Ersten Weltkriegs in der Stra\u00dfe der Franz\u00f6sischen Partisanen in Bratislava erinnert an die Soldaten, die in diesem Konflikt ums Leben kamen. Es wurde 1920 enth\u00fcllt und befindet sich auf der Murmannh\u00f6he, von der aus man einen Blick auf die Stadt hat. Das Denkmal ist ein bedeutender historischer Ort und ein Symbol der Piet\u00e4t. Die Umgebung bietet eine ruhige Atmosph\u00e4re, die sich f\u00fcr Spazierg\u00e4nge eignet. In der N\u00e4he befindet sich der Slav\u00edn, ein weiteres bedeutendes Denkmal, das den Kriegsopfern gewidmet ist.\r\n        <\/div>\r\n      <\/div>\r\n    <\/div>\r\n  <\/div>\r\n<\/div>\r\n\r\n<style>\r\n\/* Color styles only *\/\r\n.flipbox-11 .flipbox-front,\r\n.flipbox-11 .flipbox-back {\r\n  background: rgba(248, 243, 234, 0.7);\r\n  backface-visibility: hidden;\r\n  -webkit-backface-visibility: hidden;\r\n  transform-style: preserve-3d;\r\n  position: absolute;\r\n  top: 0;\r\n  left: 0;\r\n  width: 100%;\r\n  height: 100%;\r\n}\r\n\r\n.flipbox-11 .label {\r\n  color: #78B2AC;\r\n}\r\n.flipbox-11 .title {\r\n  color: #006697;\r\n}\r\n.flipbox-11 .title-wrapper {\r\n  border-bottom: 3px solid #78B2AC;\r\n}\r\n.flipbox-11 .back-title-wrapper {\r\n  border-bottom: 3px solid #78B2AC;\r\n}\r\n.flipbox-11 .subtitle {\r\n  color: #78B2AC;\r\n}\r\n.flipbox-11 .more-info {\r\n  color: #78B2AC;\r\n}\r\n.flipbox-11 .back-title {\r\n  color: #006697;\r\n}\r\n.flipbox-11 .back-subtitle {\r\n  color: #78B2AC;\r\n  mix-blend-mode: multiply;\r\n}\r\n.flipbox-11 .back-description {\r\n  color: #006697;\r\n}\r\n<\/style>\n\t\t<\/div>\n\t<\/div>\n<\/div><\/div><\/div><div class=\"wpb_column vc_column_container vc_col-sm-4 vc_col-lg-offset-0 vc_col-md-offset-0 vc_col-sm-offset-0 vc_col-has-fill\"><div class=\"vc_column-inner vc_custom_1743529064372\"><div class=\"wpb_wrapper\">\n\t<div class=\"wpb_raw_code wpb_raw_html wpb_content_element\" >\n\t\t<div class=\"wpb_wrapper\">\n\t\t\t<div class=\"flipbox flipbox-12\">\r\n  <div class=\"flipbox-inner\">\r\n    <!-- FRONT SIDE -->\r\n    <div class=\"flipbox-front\">\r\n      <div class=\"illustration\">\r\n        <img decoding=\"async\" src=\"https:\/\/sut.stefaniktrail.sk\/wp-content\/uploads\/2025\/04\/slavin.svg\" alt=\"Slav\u00edn\">\r\n        <div class=\"label\">44,4 km<\/div>\r\n      <\/div>\r\n      <div class=\"title-wrapper\">\r\n        <div class=\"title\">Slav\u00edn<\/div>\r\n      <\/div>\r\n      <div class=\"subtitle\">Slav\u00edn erinnert an die <br>Befreiung von Pressburg.<\/div>\r\n      <div class=\"more-info\">Mehr Infos<\/div>\r\n    <\/div>\r\n\r\n    <!-- BACK SIDE -->\r\n    <div class=\"flipbox-back\">\r\n      <div class=\"back-inner\">\r\n        <div class=\"back-title-wrapper\">\r\n          <div class=\"back-title\">Slav\u00edn<\/div>\r\n        <\/div>\r\n        <div class=\"back-subtitle\">Slav\u00edn erinnert an die <br>Befreiung von Pressburg.<\/div>\r\n        <div class=\"back-description\">\r\n          Das Slav\u00edn-Denkmal in Bratislava ist ein monumentales Denkmal, das den sowjetischen Soldaten gewidmet ist, die bei der Befreiung der Stadt w\u00e4hrend des Zweiten Weltkriegs gefallen sind. Es wurde 1960 enth\u00fcllt und es sind mehr als 6.800 Soldaten hier begraben, von denen viele ukrainischer Herkunft waren. Die Dominante ist ein 39,5 Meter hoher Pylon mit einer Soldatenstatue, die den Sieg symbolisiert. Slav\u00edn bietet einen beeindruckenden Ausblick auf die Stadt und ist eines der bedeutendsten Kriegsdenkm\u00e4ler in der Slowakei.\r\n        <\/div>\r\n      <\/div>\r\n    <\/div>\r\n  <\/div>\r\n<\/div>\r\n\r\n<style>\r\n\/* Color styles only *\/\r\n.flipbox-12 .flipbox-front,\r\n.flipbox-12 .flipbox-back {\r\n  background: rgba(248, 243, 234, 0.7);\r\n  backface-visibility: hidden;\r\n  -webkit-backface-visibility: hidden;\r\n  transform-style: preserve-3d;\r\n  position: absolute;\r\n  top: 0;\r\n  left: 0;\r\n  width: 100%;\r\n  height: 100%;\r\n}\r\n\r\n.flipbox-12 .label {\r\n  color: #F2A66F;\r\n}\r\n.flipbox-12 .title {\r\n  color: #006697;\r\n}\r\n.flipbox-12 .title-wrapper {\r\n  border-bottom: 3px solid #F2A66F;\r\n}\r\n.flipbox-12 .back-title-wrapper {\r\n  border-bottom: 3px solid #F2A66F;\r\n}\r\n.flipbox-12 .subtitle {\r\n  color: #F2A66F;\r\n}\r\n.flipbox-12 .more-info {\r\n  color: #F2A66F;\r\n}\r\n.flipbox-12 .back-title {\r\n  color: #006697;\r\n}\r\n.flipbox-12 .back-subtitle {\r\n  color: #F2A66F;\r\n  mix-blend-mode: multiply;\r\n}\r\n.flipbox-12 .back-description {\r\n  color: #006697;\r\n}\r\n<\/style>\n\t\t<\/div>\n\t<\/div>\n<\/div><\/div><\/div><\/div><div class=\"vc_row-full-width vc_clearfix\"><\/div><div data-vc-full-width=\"true\" data-vc-full-width-init=\"false\" class=\"vc_row wpb_row vc_row-fluid flipbox-row vc_custom_1755113957261 vc_row-has-fill vc_row-o-equal-height vc_row-o-content-middle vc_row-flex\"><div class=\"wpb_column vc_column_container vc_col-sm-4 vc_col-lg-offset-0 vc_col-md-offset-0 vc_col-sm-offset-0 vc_col-has-fill\"><div class=\"vc_column-inner vc_custom_1743532494941\"><div class=\"wpb_wrapper\">\n\t<div class=\"wpb_raw_code wpb_raw_html wpb_content_element\" >\n\t\t<div class=\"wpb_wrapper\">\n\t\t\t<div class=\"flipbox flipbox-13\">\r\n  <div class=\"flipbox-inner\">\r\n    <!-- FRONT SIDE -->\r\n    <div class=\"flipbox-front\">\r\n      <div class=\"illustration\">\r\n        <img decoding=\"async\" src=\"https:\/\/sut.stefaniktrail.sk\/wp-content\/uploads\/2025\/04\/namestie-slobody.svg\" alt=\"Freiheitsplatz\">\r\n        <div class=\"label\">46 km<\/div>\r\n      <\/div>\r\n      <div class=\"title-wrapper\">\r\n        <div class=\"title\">Freiheitsplatz<\/div>\r\n      <\/div>\r\n      <div class=\"subtitle\">Fir\u0161n\u00e1l \u2013 von den Weinbergen bis zum Regierungssitz und Symbol der Stadt.<\/div>\r\n      <div class=\"more-info\">Mehr Infos<\/div>\r\n    <\/div>\r\n\r\n    <!-- BACK SIDE -->\r\n    <div class=\"flipbox-back\">\r\n      <div class=\"back-inner\">\r\n        <div class=\"back-title-wrapper\">\r\n          <div class=\"back-title\">Freiheitsplatz<\/div>\r\n        <\/div>\r\n        <div class=\"back-subtitle\">Fir\u0161n\u00e1l \u2013 von den Weinbergen bis zum Regierungssitz und Symbol der Stadt.<\/div>\r\n        <div class=\"back-description\">\r\n          Fir\u0161n\u00e1l, heute Freiheitsplatz, ist ein bedeutender Platz in Bratislava mit reicher Geschichte. Urspr\u00fcnglich befanden sich hier Weinberge, sp\u00e4ter der Sommerpalast des Erzbischofs, heute der Sitz des Regierungsb\u00fcros der Slowakischen Republik. Der Name Fir\u0161n\u00e1l stammt von der Allee F\u00fcrstenallee, die hier entlangf\u00fchrte. In der ersten H\u00e4lfte des 20. Jahrhunderts war der Platz ein beliebter Ort f\u00fcr Unterhaltung mit Karussells und Zirkussen. W\u00e4hrend des Sozialismus trug er den Namen Gottwaldplatz. W\u00e4hrend der \u00f6sterreichisch-ungarischen Monarchie und der ersten Tschechoslowakischen Republik fanden hier wichtige Milit\u00e4rparaden statt. Heute ist er einer der gr\u00f6\u00dften Pl\u00e4tze Bratislavas und beherbergt den ikonischen Dru\u017eba-Brunnen.\r\n        <\/div>\r\n      <\/div>\r\n    <\/div>\r\n  <\/div>\r\n<\/div>\r\n\r\n<style>\r\n\/* Color styles only *\/\r\n.flipbox-13 .flipbox-front,\r\n.flipbox-13 .flipbox-back {\r\n  background: rgba(248, 243, 234, 0.7);\r\n  backface-visibility: hidden;\r\n  -webkit-backface-visibility: hidden;\r\n  transform-style: preserve-3d;\r\n  position: absolute;\r\n  top: 0;\r\n  left: 0;\r\n  width: 100%;\r\n  height: 100%;\r\n}\r\n\r\n.flipbox-13 .label {\r\n  color: #E5838D;\r\n}\r\n\r\n.title {\r\n  color: #006697;\r\n}\r\n.flipbox-13 .title-wrapper {\r\n  border-bottom: 3px solid #E5838D;\r\n}  \r\n.flipbox-13 .back-title-wrapper {\r\n  border-bottom: 3px solid #E5838D;\r\n}\r\n.flipbox-13 .subtitle {\r\n  color: #E5838D;\r\n}\r\n.flipbox-13 .more-info {\r\n  color: #E5838D;\r\n}\r\n.flipbox-13 .back-title {\r\n  color: #006697;\r\n}\r\n.flipbox-13 .back-subtitle {\r\n  color: #E5838D;\r\n  mix-blend-mode: multiply;\r\n}\r\n.flipbox-13 .back-description {\r\n  color: #006697;\r\n}\r\n<\/style>\n\t\t<\/div>\n\t<\/div>\n<\/div><\/div><\/div><div class=\"wpb_column vc_column_container vc_col-sm-4 vc_col-lg-offset-0 vc_col-md-offset-0 vc_col-sm-offset-0 vc_col-has-fill\"><div class=\"vc_column-inner vc_custom_1743529093375\"><div class=\"wpb_wrapper\">\n\t<div class=\"wpb_raw_code wpb_raw_html wpb_content_element\" >\n\t\t<div class=\"wpb_wrapper\">\n\t\t\t<div class=\"flipbox flipbox-14\">\r\n  <div class=\"flipbox-inner\">\r\n    <!-- FRONT SIDE -->\r\n    <div class=\"flipbox-front\">\r\n      <div class=\"illustration\">\r\n        <img decoding=\"async\" src=\"https:\/\/sut.stefaniktrail.sk\/wp-content\/uploads\/2025\/04\/svatopluk.svg\" alt=\"Svatopluk\">\r\n        <div class=\"label\">47,8 km<\/div>\r\n      <\/div>\r\n      <div class=\"title-wrapper\">\r\n        <div class=\"title\">Svatopluk<\/div>\r\n      <\/div>\r\n      <div class=\"subtitle\">Sv\u00e4topluk f\u00fchrte Gro\u00dfm\u00e4hren zu Aufschwung und Macht.<\/div>\r\n      <div class=\"more-info\">Mehr Infos<\/div>\r\n    <\/div>\r\n\r\n    <!-- BACK SIDE -->\r\n    <div class=\"flipbox-back\">\r\n      <div class=\"back-inner\">\r\n        <div class=\"back-title-wrapper\">\r\n          <div class=\"back-title\">Svatopluk<\/div>\r\n        <\/div>\r\n        <div class=\"back-subtitle\">Sv\u00e4topluk f\u00fchrte Gro\u00dfm\u00e4hren zu Aufschwung und Macht.<\/div>\r\n        <div class=\"back-description\">\r\n          Sv\u00e4topluk war ein bedeutender Herrscher Gro\u00dfm\u00e4hrens, der Neffe des F\u00fcrsten Rastislav, der Ende der 50er Jahre des 9. Jahrhunderts F\u00fcrst des Nitraer F\u00fcrstentums wurde. Nach dem Sturz Rastislavs, den Sv\u00e4topluk verriet und die ostfr\u00e4nkische Invasion unterst\u00fctzte, wurde er der Hauptregent Gro\u00dfm\u00e4hrens. Sv\u00e4topluk unterst\u00fctzte die Missionen von Kyrill und Method und sicherte die Entwicklung des Landes, das unter seiner Herrschaft einen wirtschaftlichen Aufschwung, eine Bl\u00fcte des Handwerks und den Bau von Steinkirchen erlebte. Sv\u00e4topluk war eine Schl\u00fcsselfigur bei der Schaffung der kulturellen und politischen Grundlagen der mitteleurop\u00e4ischen Region.\r\n        <\/div>\r\n      <\/div>\r\n    <\/div>\r\n  <\/div>\r\n<\/div>\r\n\r\n<style>\r\n\/* Color styles only *\/\r\n.flipbox-14 .flipbox-front,\r\n.flipbox-14 .flipbox-back {\r\n  background: rgba(248, 243, 234, 0.7);\r\n  backface-visibility: hidden;\r\n  -webkit-backface-visibility: hidden;\r\n  transform-style: preserve-3d;\r\n  position: absolute;\r\n  top: 0;\r\n  left: 0;\r\n  width: 100%;\r\n  height: 100%;\r\n}\r\n\r\n.flipbox-14 .label {\r\n  color: #71C2D6;\r\n}\r\n.flipbox-14 .title {\r\n  color: #006697;\r\n}\r\n.flipbox-14 .title-wrapper {\r\n  border-bottom: 3px solid #71C2D6;\r\n}\r\n.flipbox-14 .back-title-wrapper {\r\n  border-bottom: 3px solid #71C2D6;\r\n}\r\n.flipbox-14 .subtitle {\r\n  color: #71C2D6;\r\n}\r\n.flipbox-14 .more-info {\r\n  color: #71C2D6;\r\n}\r\n.flipbox-14 .back-title {\r\n  color: #006697;\r\n}\r\n.flipbox-14 .back-subtitle {\r\n  color: #71C2D6;\r\n  mix-blend-mode: multiply;\r\n}\r\n.flipbox-14 .back-description {\r\n  color: #006697;\r\n}\r\n<\/style>\n\t\t<\/div>\n\t<\/div>\n<\/div><\/div><\/div><div class=\"wpb_column vc_column_container vc_col-sm-4 vc_col-lg-offset-0 vc_col-md-offset-0 vc_col-sm-offset-0 vc_col-has-fill\"><div class=\"vc_column-inner vc_custom_1743529064372\"><div class=\"wpb_wrapper\">\n\t<div class=\"wpb_raw_code wpb_raw_html wpb_content_element\" >\n\t\t<div class=\"wpb_wrapper\">\n\t\t\t<div class=\"flipbox flipbox-15\">\r\n  <div class=\"flipbox-inner\">\r\n    <!-- FRONT SIDE -->\r\n    <div class=\"flipbox-front\">\r\n      <div class=\"illustration\">\r\n        <img decoding=\"async\" src=\"https:\/\/sut.stefaniktrail.sk\/wp-content\/uploads\/2025\/04\/most-snp.svg\" alt=\"SNP-Br\u00fccke\">\r\n        <div class=\"label\">49,5 km<\/div>\r\n      <\/div>\r\n      <div class=\"title-wrapper\">\r\n        <div class=\"title\">SNP-Br\u00fccke<\/div>\r\n      <\/div>\r\n      <div class=\"subtitle\">Futuristische Br\u00fccke mit UFO-Restaurant.<\/div>\r\n      <div class=\"more-info\">Mehr Infos<\/div>\r\n    <\/div>\r\n\r\n    <!-- BACK SIDE -->\r\n    <div class=\"flipbox-back\">\r\n      <div class=\"back-inner\">\r\n        <div class=\"back-title-wrapper\">\r\n          <div class=\"back-title\">SNP-Br\u00fccke<\/div>\r\n        <\/div>\r\n        <div class=\"back-subtitle\">Futuristische Br\u00fccke mit UFO-Restaurant.<\/div>\r\n        <div class=\"back-description\">\r\n          Die SNP-Br\u00fccke, auch bekannt als UFO-Br\u00fccke, verbindet die beiden Ufer von Bratislava und \u00fcberquert die Donau. In den 70er Jahren des 20. Jahrhunderts erbaut, zeichnet sie sich durch ihren unverwechselbaren UFO-f\u00f6rmigen Turm aus, der die Skyline der Stadt dominiert. Vom Turm aus bietet sich ein herrlicher Blick auf die Stadt und den Fluss. In diesem Turm befindet sich das Restaurant \"UFO\", das bei Touristen beliebt ist. Die Br\u00fccke ist mit Seilen stabilisiert und bietet Mutigen ein adrenalingeladenes Erlebnis in Form eines Bungee-Sprungs direkt vom Dach des Turms.\r\n        <\/div>\r\n      <\/div>\r\n    <\/div>\r\n  <\/div>\r\n<\/div>\r\n\r\n<style>\r\n\/* Color styles only *\/\r\n.flipbox-15 .flipbox-front,\r\n.flipbox-15 .flipbox-back {\r\n  background: rgba(248, 243, 234, 0.7);\r\n  backface-visibility: hidden;\r\n  -webkit-backface-visibility: hidden;\r\n  transform-style: preserve-3d;\r\n  position: absolute;\r\n  top: 0;\r\n  left: 0;\r\n  width: 100%;\r\n  height: 100%;\r\n}\r\n\r\n.flipbox-15 .label {\r\n  color: #7EB3DE;\r\n}\r\n.flipbox-15 .title {\r\n  color: #006697;\r\n}\r\n.flipbox-15 .title-wrapper {\r\n  border-bottom: 3px solid #7EB3DE;\r\n}\r\n.flipbox-15 .back-title-wrapper {\r\n  border-bottom: 3px solid #7EB3DE;\r\n}\r\n.flipbox-15 .subtitle {\r\n  color: #7EB3DE;\r\n}\r\n.flipbox-15 .more-info {\r\n  color: #7EB3DE;\r\n}\r\n.flipbox-15 .back-title {\r\n  color: #006697;\r\n}\r\n.flipbox-15 .back-subtitle {\r\n  color: #7EB3DE;\r\n  mix-blend-mode: multiply;\r\n}\r\n.flipbox-15 .back-description {\r\n  color: #006697;\r\n}\r\n<\/style>\n\t\t<\/div>\n\t<\/div>\n<\/div><\/div><\/div><\/div><div class=\"vc_row-full-width vc_clearfix\"><\/div><div data-vc-full-width=\"true\" data-vc-full-width-init=\"false\" class=\"vc_row wpb_row vc_row-fluid flipbox-row vc_custom_1755113965549 vc_row-has-fill vc_row-o-equal-height vc_row-o-content-middle vc_row-flex\"><div class=\"wpb_column vc_column_container vc_col-sm-4 vc_col-lg-offset-0 vc_col-md-offset-0 vc_col-sm-offset-0 vc_col-has-fill\"><div class=\"vc_column-inner vc_custom_1743532494941\"><div class=\"wpb_wrapper\">\n\t<div class=\"wpb_raw_code wpb_raw_html wpb_content_element\" >\n\t\t<div class=\"wpb_wrapper\">\n\t\t\t<div class=\"flipbox flipbox-16\">\r\n  <div class=\"flipbox-inner\">\r\n    <!-- FRONT SIDE -->\r\n    <div class=\"flipbox-front\">\r\n      <div class=\"illustration\">\r\n        <img decoding=\"async\" src=\"https:\/\/sut.stefaniktrail.sk\/wp-content\/uploads\/2025\/04\/ludovit-stur.svg\" alt=\"\u013dudov\u00edt \u0160t\u00far\">\r\n        <div class=\"label\">50 km<\/div>\r\n      <\/div>\r\n      <div class=\"title-wrapper\">\r\n        <div class=\"title\">\u013dudov\u00edt \u0160t\u00far<\/div>\r\n      <\/div>\r\n      <div class=\"subtitle\">Der Vater des modernen <br>slowakischen Volkes.<\/div>\r\n      <div class=\"more-info\">Mehr Infos<\/div>\r\n    <\/div>\r\n\r\n    <!-- BACK SIDE -->\r\n    <div class=\"flipbox-back\">\r\n      <div class=\"back-inner\">\r\n        <div class=\"back-title-wrapper\">\r\n          <div class=\"back-title\">\u013dudov\u00edt \u0160t\u00far<\/div>\r\n        <\/div>\r\n        <div class=\"back-subtitle\">Der Vater des modernen <br>slowakischen Volkes.<\/div>\r\n        <div class=\"back-description\">\r\n          Der \u013dudov\u00edt-\u0160t\u00far-Platz hat eine reiche Geschichte, von Kr\u00f6nungsritualen bis hin zu politischen Ver\u00e4nderungen. In den Jahren 1825-1890 f\u00fchrte eine Pontonbr\u00fccke \u00fcber ihn. Im Jahr 1897 wurde hier eine Statue von Maria Theresia errichtet, die 1921 einer Statue von \u0160tef\u00e1nik wich, die die Entstehung der Tschechoslowakei symbolisierte. Nach deren Entfernung lie\u00dfen die Kommunisten den Platz viele Jahre lang leer. Im Jahr 1973 wurden hier die Skulpturen der \u0160t\u00fars enth\u00fcllt, welche auch Frauen wie Karol\u00edna \u0160t\u00farov\u00e1 und Ani\u010dka Jurkovi\u010dov\u00e1 darstellen und die wichtige Rolle der Frau bei der nationalen Wiederbelebung symbolisieren.\r\n        <\/div>\r\n      <\/div>\r\n    <\/div>\r\n  <\/div>\r\n<\/div>\r\n\r\n<style>\r\n\/* Color styles only *\/\r\n.flipbox-16 .flipbox-front,\r\n.flipbox-16 .flipbox-back {\r\n  background: rgba(248, 243, 234, 0.7);\r\n  backface-visibility: hidden;\r\n  -webkit-backface-visibility: hidden;\r\n  transform-style: preserve-3d;\r\n  position: absolute;\r\n  top: 0;\r\n  left: 0;\r\n  width: 100%;\r\n  height: 100%;\r\n}\r\n\r\n.flipbox-16 .label {\r\n  color: #9BCC8E;\r\n}\r\n\r\n.title {\r\n  color: #006697;\r\n}\r\n.flipbox-16 .title-wrapper {\r\n  border-bottom: 3px solid #9BCC8E;\r\n}  \r\n.flipbox-16 .back-title-wrapper {\r\n  border-bottom: 3px solid #9BCC8E;\r\n}\r\n.flipbox-16 .subtitle {\r\n  color: #9BCC8E;\r\n}\r\n.flipbox-16 .more-info {\r\n  color: #B1E2A4;\r\n}\r\n.flipbox-16 .back-title {\r\n  color: #006697;\r\n}\r\n.flipbox-16 .back-subtitle {\r\n  color: #9BCC8E;\r\n  mix-blend-mode: multiply;\r\n}\r\n.flipbox-16 .back-description {\r\n  color: #006697;\r\n}\r\n<\/style>\n\t\t<\/div>\n\t<\/div>\n<\/div><\/div><\/div><div class=\"wpb_column vc_column_container vc_col-sm-4 vc_col-lg-offset-0 vc_col-md-offset-0 vc_col-sm-offset-0 vc_col-has-fill\"><div class=\"vc_column-inner vc_custom_1743529093375\"><div class=\"wpb_wrapper\">\n\t<div class=\"wpb_raw_code wpb_raw_html wpb_content_element\" >\n\t\t<div class=\"wpb_wrapper\">\n\t\t\t<div class=\"flipbox flipbox-17\">\r\n  <div class=\"flipbox-inner\">\r\n    <!-- FRONT SIDE -->\r\n    <div class=\"flipbox-front\">\r\n      <div class=\"illustration\">\r\n        <img decoding=\"async\" src=\"https:\/\/sut.stefaniktrail.sk\/wp-content\/uploads\/2025\/04\/TGM.svg\" alt=\"T.G. Masaryk\">\r\n        <div class=\"label\">50,2 km<\/div>\r\n      <\/div>\r\n      <div class=\"title-wrapper\">\r\n        <div class=\"title\">T.G. Masaryk<\/div>\r\n      <\/div>\r\n      <div class=\"subtitle\">Gr\u00fcnder der Tschechoslowakei und <br>ein Symbol der Demokratie.<\/div>\r\n      <div class=\"more-info\">Mehr Infos<\/div>\r\n    <\/div>\r\n\r\n    <!-- BACK SIDE -->\r\n    <div class=\"flipbox-back\">\r\n      <div class=\"back-inner\">\r\n        <div class=\"back-title-wrapper\">\r\n          <div class=\"back-title\">T.G. Masaryk<\/div>\r\n        <\/div>\r\n        <div class=\"back-subtitle\">Gr\u00fcnder der Tschechoslowakei und <br>ein Symbol der Demokratie.<\/div>\r\n        <div class=\"back-description\">\r\n          Die Statue von Tom\u00e1\u0161 Garrigue Masaryk auf dem Masaryk-Platz in Bratislava, vor dem Geb\u00e4ude des Slowakischen Nationalmuseums, wurde im Jahr 2010 enth\u00fcllt. Sie ist eine Kopie des Werks von Ladislav \u0160aloun aus dem Jahr 1924. Masaryk hatte eine pers\u00f6nliche und professionelle Beziehung zu M. R. \u0160tef\u00e1nik, der bei Masaryk an der Karls-Universit\u00e4t in Prag studierte. Ihre Freundschaft und Zusammenarbeit spielten eine Schl\u00fcsselrolle bei der Gr\u00fcndung der Tschechoslowakei, die 1918 ausgerufen wurde. Die Statue symbolisiert Masaryks Beitrag zur staatlichen Unabh\u00e4ngigkeit und zu demokratischen Werten.\r\n        <\/div>\r\n      <\/div>\r\n    <\/div>\r\n  <\/div>\r\n<\/div>\r\n\r\n<style>\r\n\/* Color styles only *\/\r\n.flipbox-17 .flipbox-front,\r\n.flipbox-17 .flipbox-back {\r\n  background: rgba(248, 243, 234, 0.7);\r\n  backface-visibility: hidden;\r\n  -webkit-backface-visibility: hidden;\r\n  transform-style: preserve-3d;\r\n  position: absolute;\r\n  top: 0;\r\n  left: 0;\r\n  width: 100%;\r\n  height: 100%;\r\n}\r\n\r\n.flipbox-17 .label {\r\n  color: #F5BB56;\r\n}\r\n.flipbox-17 .title {\r\n  color: #006697;\r\n}\r\n.flipbox-17 .title-wrapper {\r\n  border-bottom: 3px solid #F5BB56;\r\n}\r\n.flipbox-17 .back-title-wrapper {\r\n  border-bottom: 3px solid #F5BB56;\r\n}\r\n.flipbox-17 .subtitle {\r\n  color: #F5BB56;\r\n}\r\n.flipbox-17 .more-info {\r\n  color: #F5BB56;\r\n}\r\n.flipbox-17 .back-title {\r\n  color: #006697;\r\n}\r\n.flipbox-17 .back-subtitle {\r\n  color: #F5BB56;\r\n  mix-blend-mode: multiply;\r\n}\r\n.flipbox-17 .back-description {\r\n  color: #006697;\r\n}\r\n<\/style>\n\t\t<\/div>\n\t<\/div>\n<\/div><\/div><\/div><div class=\"wpb_column vc_column_container vc_col-sm-4 vc_col-lg-offset-0 vc_col-md-offset-0 vc_col-sm-offset-0 vc_col-has-fill\"><div class=\"vc_column-inner vc_custom_1743529064372\"><div class=\"wpb_wrapper\">\n\t<div class=\"wpb_raw_code wpb_raw_html wpb_content_element\" >\n\t\t<div class=\"wpb_wrapper\">\n\t\t\t<div class=\"flipbox flipbox-18\">\r\n  <div class=\"flipbox-inner\">\r\n    <!-- FRONT SIDE -->\r\n    <div class=\"flipbox-front\">\r\n      <div class=\"illustration\">\r\n        <img decoding=\"async\" src=\"https:\/\/sut.stefaniktrail.sk\/wp-content\/uploads\/2025\/04\/mrs.svg\" alt=\"M.R. \u0160tef\u00e1nik\">\r\n        <div class=\"label\">51 km<\/div>\r\n      <\/div>\r\n      <div class=\"title-wrapper\">\r\n        <div class=\"title\">M.R. \u0160tef\u00e1nik<\/div>\r\n      <\/div>\r\n      <div class=\"subtitle\">Vision\u00e4r, Wissenschaftler, Soldat und Diplomat, der von Freiheit tr\u00e4umt.<\/div>\r\n      <div class=\"more-info\">Mehr Infos<\/div>\r\n    <\/div>\r\n\r\n    <!-- BACK SIDE -->\r\n    <div class=\"flipbox-back\">\r\n      <div class=\"back-inner\">\r\n        <div class=\"back-title-wrapper\">\r\n          <div class=\"back-title\">M.R. \u0160tef\u00e1nik<\/div>\r\n        <\/div>\r\n        <div class=\"back-subtitle\">Vision\u00e4r, Wissenschaftler, Soldat und Diplomat, der von Freiheit tr\u00e4umt.<\/div>\r\n        <div class=\"back-description\">\r\n          Die Statue von Milan Rastislav \u0160tef\u00e1nik und der L\u00f6we an der M. R. \u0160tef\u00e1nik-Uferpromenade in Bratislava haben eine bunte Geschichte. Das urspr\u00fcngliche Denkmal, das 1938 zum 20. Jahrestag der Gr\u00fcndung der Tschechoslowakei enth\u00fcllt wurde, umfasste einen Pylon mit dem Staatswappen der Tschechoslowakei und eine von dem Bildhauer B\u0159etislav Kafka entworfene Statue von \u0160tef\u00e1nik in einem Fliegeranzug. Der L\u00f6we auf dem Pylon symbolisierte die tschechoslowakische Staatsmacht und war Teil dieses Denkmals. W\u00e4hrend der Jahre des kommunistischen Regimes wurde die Statue von \u0160tef\u00e1nik zerst\u00f6rt (1954). Der L\u00f6we blieb jedoch erhalten und wurde zur Grundlage des restaurierten Denkmals, das 2009 an seinem heutigen Standort wieder enth\u00fcllt wurde.\r\n        <\/div>\r\n      <\/div>\r\n    <\/div>\r\n  <\/div>\r\n<\/div>\r\n\r\n<style>\r\n\/* Color styles only *\/\r\n.flipbox-18 .flipbox-front,\r\n.flipbox-18 .flipbox-back {\r\n  background: rgba(248, 243, 234, 0.7);\r\n  backface-visibility: hidden;\r\n  -webkit-backface-visibility: hidden;\r\n  transform-style: preserve-3d;\r\n  position: absolute;\r\n  top: 0;\r\n  left: 0;\r\n  width: 100%;\r\n  height: 100%;\r\n}\r\n\r\n.flipbox-18 .label {\r\n  color: #F29DA6;\r\n}\r\n.flipbox-18 .title {\r\n  color: #006697;\r\n}\r\n.flipbox-18 .title-wrapper {\r\n  border-bottom: 3px solid #F29DA6;\r\n}\r\n.flipbox-18 .back-title-wrapper {\r\n  border-bottom: 3px solid #F29DA6;\r\n}\r\n.flipbox-18 .subtitle {\r\n  color: #F29DA6;\r\n}\r\n.flipbox-18 .more-info {\r\n  color: #F29DA6;\r\n}\r\n.flipbox-18 .back-title {\r\n  color: #006697;\r\n}\r\n.flipbox-18 .back-subtitle {\r\n  color: #F29DA6;\r\n  mix-blend-mode: multiply;\r\n}\r\n.flipbox-18 .back-description {\r\n  color: #006697;\r\n}\r\n<\/style>\n\t\t<\/div>\n\t<\/div>\n<\/div><\/div><\/div><\/div><div class=\"vc_row-full-width vc_clearfix\"><\/div>\n<\/div>","protected":false},"excerpt":{"rendered":"<p>Siln\u00e9 pr\u00edbehy ukryt\u00e9 na trase Vybrali sme miesta, ktor\u00e9 si zamiluje\u0161 a bude\u0161 sa k nim chcie\u0165 vr\u00e1ti\u0165. Podrobn\u00e1 mapa 1 km Srdce Eur\u00f3py Symbol premeny totalitn\u00e9ho re\u017eimu na slobodu. Viac info Srdce Eur\u00f3py Dev\u00ednske srdce hovor\u00ed o t\u00fa\u017ebe po slobode. Pam\u00e4tn\u00edk Srdce Eur\u00f3py bol p\u00f4vodne in\u0161talovan\u00fd v decembri 1989 na rak\u00faskej strane Dunaja. Po&hellip;<\/p>","protected":false},"author":1,"featured_media":0,"parent":0,"menu_order":1,"comment_status":"closed","ping_status":"closed","template":"","meta":{"_acf_changed":false,"inline_featured_image":false,"footnotes":""},"class_list":["post-58189","page","type-page","status-publish","hentry","description-off"],"acf":[],"aioseo_notices":[],"_links":{"self":[{"href":"https:\/\/sut.stefaniktrail.sk\/at\/wp-json\/wp\/v2\/pages\/58189","targetHints":{"allow":["GET"]}}],"collection":[{"href":"https:\/\/sut.stefaniktrail.sk\/at\/wp-json\/wp\/v2\/pages"}],"about":[{"href":"https:\/\/sut.stefaniktrail.sk\/at\/wp-json\/wp\/v2\/types\/page"}],"author":[{"embeddable":true,"href":"https:\/\/sut.stefaniktrail.sk\/at\/wp-json\/wp\/v2\/users\/1"}],"replies":[{"embeddable":true,"href":"https:\/\/sut.stefaniktrail.sk\/at\/wp-json\/wp\/v2\/comments?post=58189"}],"version-history":[{"count":138,"href":"https:\/\/sut.stefaniktrail.sk\/at\/wp-json\/wp\/v2\/pages\/58189\/revisions"}],"predecessor-version":[{"id":60001,"href":"https:\/\/sut.stefaniktrail.sk\/at\/wp-json\/wp\/v2\/pages\/58189\/revisions\/60001"}],"wp:attachment":[{"href":"https:\/\/sut.stefaniktrail.sk\/at\/wp-json\/wp\/v2\/media?parent=58189"}],"curies":[{"name":"wp","href":"https:\/\/api.w.org\/{rel}","templated":true}]}}